{"id":7715,"date":"2022-11-08T10:26:40","date_gmt":"2022-11-08T10:26:40","guid":{"rendered":"https:\/\/federacioncorosdegranada.es\/certamen\/?page_id=7715"},"modified":"2024-09-06T11:08:27","modified_gmt":"2024-09-06T11:08:27","slug":"equipo","status":"publish","type":"page","link":"https:\/\/federacioncorosdegranada.es\/certamen\/index.php\/equipo\/","title":{"rendered":"Equipo"},"content":{"rendered":"[vc_row type=\u00bbin_container\u00bb full_screen_row_position=\u00bbmiddle\u00bb column_margin=\u00bbdefault\u00bb column_direction=\u00bbdefault\u00bb column_direction_tablet=\u00bbdefault\u00bb column_direction_phone=\u00bbdefault\u00bb scene_position=\u00bbcenter\u00bb top_padding=\u00bb3%\u00bb bottom_padding=\u00bb3%\u00bb top_padding_phone=\u00bb10%\u00bb bottom_padding_phone=\u00bb10%\u00bb text_color=\u00bbdark\u00bb text_align=\u00bbleft\u00bb row_border_radius=\u00bbnone\u00bb row_border_radius_applies=\u00bbbg\u00bb overflow=\u00bbvisible\u00bb overlay_strength=\u00bb0.3&#8243; gradient_direction=\u00bbleft_to_right\u00bb shape_divider_position=\u00bbbottom\u00bb bg_image_animation=\u00bbnone\u00bb gradient_type=\u00bbdefault\u00bb shape_type=\u00bb\u00bb][vc_column column_padding=\u00bbno-extra-padding\u00bb column_padding_tablet=\u00bbinherit\u00bb column_padding_phone=\u00bbinherit\u00bb column_padding_position=\u00bball\u00bb column_element_direction_desktop=\u00bbdefault\u00bb column_element_spacing=\u00bbdefault\u00bb desktop_text_alignment=\u00bbdefault\u00bb tablet_text_alignment=\u00bbdefault\u00bb phone_text_alignment=\u00bbdefault\u00bb background_color_opacity=\u00bb1&#8243; background_hover_color_opacity=\u00bb1&#8243; column_backdrop_filter=\u00bbnone\u00bb column_shadow=\u00bbnone\u00bb column_border_radius=\u00bbnone\u00bb column_link_target=\u00bb_self\u00bb column_position=\u00bbdefault\u00bb gradient_direction=\u00bbleft_to_right\u00bb overlay_strength=\u00bb0.3&#8243; width=\u00bb1\/1&#8243; tablet_width_inherit=\u00bbdefault\u00bb animation_type=\u00bbdefault\u00bb bg_image_animation=\u00bbnone\u00bb border_type=\u00bbsimple\u00bb column_border_width=\u00bbnone\u00bb column_border_style=\u00bbsolid\u00bb][vc_column_text]Os presentamos a las personas que han hecho posible la celebraci\u00f3n del evento musical coral m\u00e1s importante a nivel andaluz:[\/vc_column_text][divider line_type=\u00bbSmall Line\u00bb line_alignment=\u00bbdefault\u00bb line_thickness=\u00bb2&#8243; divider_color=\u00bbaccent-color\u00bb animate=\u00bbyes\u00bb custom_height=\u00bb60&#8243; custom_line_width=\u00bb80&#8243;][vc_column_text]<style>#sp-ea-7714 .spcollapsing { height: 0; overflow: hidden; transition-property: height;transition-duration: 300ms;}#sp-ea-7714.sp-easy-accordion>.sp-ea-single {margin-bottom: 10px; border: 1px solid #e2e2e2; }#sp-ea-7714.sp-easy-accordion>.sp-ea-single>.ea-header a {color: #444;}#sp-ea-7714.sp-easy-accordion>.sp-ea-single>.sp-collapse>.ea-body {background: #fff; color: #444;}#sp-ea-7714.sp-easy-accordion>.sp-ea-single {background: #eee;}#sp-ea-7714.sp-easy-accordion>.sp-ea-single>.ea-header a .ea-expand-icon { float: left; color: #444;font-size: 16px;}<\/style><div id=\"sp_easy_accordion-1725620860\"><div id=\"sp-ea-7714\" class=\"sp-ea-one sp-easy-accordion\" data-ea-active=\"ea-click\" data-ea-mode=\"vertical\" data-preloader=\"\" data-scroll-active-item=\"\" data-offset-to-scroll=\"0\"><div class=\"ea-card sp-ea-single\"><h3 class=\"ea-header\"><a class=\"collapsed\" id=\"ea-header-77140\" role=\"button\" data-sptoggle=\"spcollapse\" data-sptarget=\"#collapse77140\" aria-controls=\"collapse77140\" href=\"#\" aria-expanded=\"false\" tabindex=\"0\"><i aria-hidden=\"true\" role=\"presentation\" class=\"ea-expand-icon eap-icon-ea-expand-plus\"><\/i> H\u00e9ctor Eliel M\u00e1rquez<\/a><\/h3><div class=\"sp-collapse spcollapse spcollapse\" id=\"collapse77140\" data-parent=\"#sp-ea-7714\" role=\"region\" aria-labelledby=\"ea-header-77140\"> <div class=\"ea-body\"><p><img loading=\"lazy\" decoding=\"async\" class=\"size-medium wp-image-7704 alignright\" src=\"https:\/\/federacioncorosdegranada.es\/certamen\/wp-content\/uploads\/2022\/11\/Hector-Eliel-300x300.jpg\" alt=\"\" width=\"300\" height=\"300\" srcset=\"https:\/\/federacioncorosdegranada.es\/certamen\/wp-content\/uploads\/2022\/11\/Hector-Eliel-300x300.jpg 300w, https:\/\/federacioncorosdegranada.es\/certamen\/wp-content\/uploads\/2022\/11\/Hector-Eliel-150x150.jpg 150w, https:\/\/federacioncorosdegranada.es\/certamen\/wp-content\/uploads\/2022\/11\/Hector-Eliel-100x100.jpg 100w, https:\/\/federacioncorosdegranada.es\/certamen\/wp-content\/uploads\/2022\/11\/Hector-Eliel-140x140.jpg 140w, https:\/\/federacioncorosdegranada.es\/certamen\/wp-content\/uploads\/2022\/11\/Hector-Eliel.jpg 332w\" sizes=\"auto, (max-width: 300px) 100vw, 300px\" \/>Catedr\u00e1tico del RCSM Victoria Eugenia de Granada, es natural de esta misma ciudad, donde titul\u00f3 como Profesor superior de piano y realiz\u00f3 estudios superiores de composici\u00f3n, tras lo cual finaliz\u00f3 un postgrado con Edoardo Torbianelli (fortepiano) en la<em>\u00a0Schola Cantorum Basiliensis<\/em>\u00a0(Suiza). Como pianista acompa\u00f1ante cuenta con una amplia experiencia concert\u00edstica; y ha trabajado en diversos cursos internacionales de canto, acompa\u00f1ando las clases de reconocidos profesores como Vivica Genaux, Gerd T\u00fcrk, Nancy Argenta, Janet Williams, Carlos Chausson, etc.<\/p><p>Es director del Coro de la OCG, de la\u00a0<em>Schola Pueri Cantores de la Catedral de Granada<\/em>, fundador y director del<em>\u00a0Joven Coro de la OCG<\/em>\u00a0y de<em>\u00a0Numen Ensemble<\/em>\u00a0y director musical de la compa\u00f1\u00eda de \u00f3pera<em>\u00a0La Voz Human<\/em>a.<\/p><p>Como compositor, la mayor parte de su obra es m\u00fasica vocal, destacando el estreno de su cantata La madre por la Orquesta Ciudad de Granada en 2015, de sus \u00f3peras\u00a0<em>Gilgamesh<\/em>\u00a0en 2017 y\u00a0<em>Don Diego de Granada<\/em>\u00a0en 2022 y dos primeros premios internacionales de composici\u00f3n de m\u00fasica coral (<em>Luis Morondo<\/em>, 2011, y\u00a0<em>Alberto Grau<\/em>, 2017). Adem\u00e1s es titulado en \u00d3rgano y licenciado en Derecho.<\/p><\/div><\/div><\/div><div class=\"ea-card sp-ea-single\"><h3 class=\"ea-header\"><a class=\"collapsed\" id=\"ea-header-77141\" role=\"button\" data-sptoggle=\"spcollapse\" data-sptarget=\"#collapse77141\" aria-controls=\"collapse77141\" href=\"#\" aria-expanded=\"false\" tabindex=\"0\"><i aria-hidden=\"true\" role=\"presentation\" class=\"ea-expand-icon eap-icon-ea-expand-plus\"><\/i> Claudia Rodr\u00edguez Jim\u00e9nez<\/a><\/h3><div class=\"sp-collapse spcollapse spcollapse\" id=\"collapse77141\" data-parent=\"#sp-ea-7714\" role=\"region\" aria-labelledby=\"ea-header-77141\"> <div class=\"ea-body\"><p><img loading=\"lazy\" decoding=\"async\" class=\"size-medium wp-image-7880 alignright\" src=\"https:\/\/federacioncorosdegranada.es\/certamen\/wp-content\/uploads\/2023\/02\/Claudia-CV-220x300.jpg\" alt=\"\" width=\"220\" height=\"300\" srcset=\"https:\/\/federacioncorosdegranada.es\/certamen\/wp-content\/uploads\/2023\/02\/Claudia-CV-220x300.jpg 220w, https:\/\/federacioncorosdegranada.es\/certamen\/wp-content\/uploads\/2023\/02\/Claudia-CV.jpg 550w\" sizes=\"auto, (max-width: 220px) 100vw, 220px\" \/>Natural de Granada y graduada en Composici\u00f3n, Claudia lleva m\u00e1s de ocho a\u00f1os perteneciendo a coros de su ciudad (como Schola Pueri Cantores de Granada, Joven Coro de la OCG y Coro de la OCG) que le han permitido tanto cantar en acontecimientos musicales tales como la inauguraci\u00f3n de la 70\u00ba edici\u00f3n del Festival Internacional de M\u00fasica y Danza de Granada (bajo la direcci\u00f3n del maestro Paul McCreesh) o la representaci\u00f3n de<em>\u00a0Carmina Burana<\/em>\u00a0junto a La Fura dels Baus (2016), as\u00ed como aprender de la direcci\u00f3n de maestros como Victor Pablo P\u00e9rez, Christian Zacharias, Johannes Klumpp o Llu\u00eds Vilamaj\u00f3. Adem\u00e1s, junto a H\u00e9ctor Eliel M\u00e1rquez y el Joven Coro de la OCG ha ganado el primer premio del XLVI Certamen Coral de Ejea de los Caballeros (2017) y el XXI Gran Premio Nacional de Canto Coral (XLI Certamen Nacional de Nanas y Villancicos Villa de Rojales, 2019), entre otros.<\/p><p>A la vez que estudiaba en el Conservatorio Superior de M\u00fasica \u201cVictoria Eugenia\u201d de Granada, ampliaba su formaci\u00f3n realizando cursos de an\u00e1lisis musical con maestros como Enrique Rueda, y de direcci\u00f3n musical y coral con maestros como Enrique Garc\u00eda Asensio, \u00c1ngel L\u00f3pez Carre\u00f1o, Ricardo Espigares o Marco Antonio Garc\u00eda de Paz.<\/p><p>Como compositora, ha tenido la oportunidad de estrenar <em>Venez mes enfants<\/em> (2021) y<em> Con un sombreiro de palla<\/em> (2022) por diez coros infantiles de toda la provincia de Granada junto a la Orquesta Ciudad de Granada (OCG), bajo la batuta de H\u00e9ctor Eliel M\u00e1rquez.<\/p><p>Aunque contin\u00faa su formaci\u00f3n en otras ramas de los estudios musicales, en septiembre del a\u00f1o 2021 apost\u00f3 por realizar un proyecto de humanizaci\u00f3n entre los trabajadores del Hospital Universitario Virgen de las Nieves: la fundaci\u00f3n del Coro HUVN, cuyos integrantes son trabajadores de dicho hospital, del que desde entonces es directora.<\/p><\/div><\/div><\/div><div class=\"ea-card sp-ea-single\"><h3 class=\"ea-header\"><a class=\"collapsed\" id=\"ea-header-77142\" role=\"button\" data-sptoggle=\"spcollapse\" data-sptarget=\"#collapse77142\" aria-controls=\"collapse77142\" href=\"#\" aria-expanded=\"false\" tabindex=\"0\"><i aria-hidden=\"true\" role=\"presentation\" class=\"ea-expand-icon eap-icon-ea-expand-plus\"><\/i> Coro Ciudad de Granada<\/a><\/h3><div class=\"sp-collapse spcollapse spcollapse\" id=\"collapse77142\" data-parent=\"#sp-ea-7714\" role=\"region\" aria-labelledby=\"ea-header-77142\"> <div class=\"ea-body\"><p><img loading=\"lazy\" decoding=\"async\" class=\"size-medium wp-image-8288 alignright\" src=\"https:\/\/federacioncorosdegranada.es\/certamen\/wp-content\/uploads\/2025\/10\/ciudad-de-granada-300x113.jpg\" alt=\"\" width=\"300\" height=\"113\" srcset=\"https:\/\/federacioncorosdegranada.es\/certamen\/wp-content\/uploads\/2025\/10\/ciudad-de-granada-300x113.jpg 300w, https:\/\/federacioncorosdegranada.es\/certamen\/wp-content\/uploads\/2025\/10\/ciudad-de-granada-768x288.jpg 768w, https:\/\/federacioncorosdegranada.es\/certamen\/wp-content\/uploads\/2025\/10\/ciudad-de-granada.jpg 800w\" sizes=\"auto, (max-width: 300px) 100vw, 300px\" \/>Fundado en la primavera de 1974 por el compositor granadino Jos\u00e9 Garc\u00eda Rom\u00e1n y dirigido por el mismo hasta 1988. Su repertorio abarca desde la polifon\u00eda renacentista hasta la m\u00fasica contempor\u00e1nea, habiendo interpretado tambi\u00e9n, obras sinf\u00f3nico corales con importantes orquestas nacionales e internacionales.<\/p><p>Los directores que se han ido sucediendo a lo largo de estos a\u00f1os, tras la etapa fundacional han sido Jos\u00e9 Carlos Palomares Moral, Juan Antonio Higuero Nevado, Alfredo Barrales Dafos, Jorge Rodr\u00edguez Morata, Algis Zaboras y desde 2013 hasta la actualidad toma la direcci\u00f3n Encarni Rodr\u00edguez Torres.<\/p><p>A lo largo de estos a\u00f1os ha tenido el privilegio de hacer m\u00fasica bajo la direcci\u00f3n de David van Asch, Misha Rachlevsky, Juan de Udaeta, Agnes Kauer, James Conlon, Nicholas Smith, Jordi Casas, Harry Christophers, Michael Ghijs, Adolfo Guti\u00e9rrez, Josep Pons, Peter Phillips, Helmuth Rilling, Nayden Todorov, Rafael Lamas, Nuria Fern\u00e1ndez, Basilio Ast\u00falez, Francisco Ruiz Montes, Juan Pablo de Juan y H\u00e9ctor Eliel M\u00e1rquez.<\/p><p>A lo largo de su existencia ha realizado conciertos por toda la geograf\u00eda nacional, as\u00ed como giras internacionales por pa\u00edses de Europa como Francia, Inglaterra, Italia, Polonia, Portugal, Alemania, B\u00e9lgica y Suecia.<\/p><p>Fruto de su labor musical ha podido colaborar en la grabaci\u00f3n tanto en radio, televisi\u00f3n como en producciones discogr\u00e1ficas, dentro y fuera de nuestro territorio; participando adem\u00e1s en diversos Festivales y Congresos Nacionales e Internacionales.<\/p><p>La alta calidad musical que ha caracterizado a esta agrupaci\u00f3n desde sus inicios ha propiciado que tenga en su haber diferentes premios y reconocimientos como son el Premio \u201cArrayanes a la Popularidad 1984\u201d, el primer Premio en el I Certamen Coral \u201cAndaluc\u00eda Canta 1989\u201d, \u201cPremio Barreta 2000\u201d de la Asociaci\u00f3n Cultural y Solidaria Granada, segundo Premio y Premio a la Mejor Direcci\u00f3n en el Certamen Nacional de Nanas y Villancicos de Rojales 2015 (Alicante), primer Premio y Mejor Direcci\u00f3n Coral en el Certamen Nacional de Nanas y Villancicos de Rojales 2017 (Alicante), tercer clasificado en el XX Gran Premio Nacional de Canto Coral de Burgos 2018 y tercer Premio y Premio Especial del P\u00fablico en el I Certamen Coral Ciudad de Granada 2023.<\/p><p>A lo largo de estos a\u00f1os ha colaborado con m\u00faltiples entidades e instituciones como el Ayuntamiento de Granada, la Real Academia de Bellas Artes de Granada, la Diputaci\u00f3n Provincial de Granada, la Universidad de Granada, los Cursos Internacionales Manuel de Falla, el Festival Internacional de M\u00fasica y Danza de Granada, la Junta de Andaluc\u00eda, la Generalitat Valenciana, la Generalitat de Catalu\u00f1a, y el Ministerio de Cultura.<\/p><p><a href=\"https:\/\/www.orquestaciudadgranada.es\/\" target=\"_blank\" rel=\"noopener\">VISITAR WEB CORO CIUDAD DE GRANADA<\/a><\/p><\/div><\/div><\/div><div class=\"ea-card sp-ea-single\"><h3 class=\"ea-header\"><a class=\"collapsed\" id=\"ea-header-77143\" role=\"button\" data-sptoggle=\"spcollapse\" data-sptarget=\"#collapse77143\" aria-controls=\"collapse77143\" href=\"#\" aria-expanded=\"false\" tabindex=\"0\"><i aria-hidden=\"true\" role=\"presentation\" class=\"ea-expand-icon eap-icon-ea-expand-plus\"><\/i> Jos\u00e9 Luis de Miguel Ubago <\/a><\/h3><div class=\"sp-collapse spcollapse spcollapse\" id=\"collapse77143\" data-parent=\"#sp-ea-7714\" role=\"region\" aria-labelledby=\"ea-header-77143\"> <div class=\"ea-body\"><p><span style=\"font-weight: 400\"><img loading=\"lazy\" decoding=\"async\" class=\"size-medium wp-image-7698 alignright\" src=\"https:\/\/federacioncorosdegranada.es\/certamen\/wp-content\/uploads\/2022\/11\/Jose-Luis-de-miguel-300x300.jpeg\" alt=\"\" width=\"300\" height=\"300\" srcset=\"https:\/\/federacioncorosdegranada.es\/certamen\/wp-content\/uploads\/2022\/11\/Jose-Luis-de-miguel-300x300.jpeg 300w, https:\/\/federacioncorosdegranada.es\/certamen\/wp-content\/uploads\/2022\/11\/Jose-Luis-de-miguel-150x150.jpeg 150w, https:\/\/federacioncorosdegranada.es\/certamen\/wp-content\/uploads\/2022\/11\/Jose-Luis-de-miguel-100x100.jpeg 100w, https:\/\/federacioncorosdegranada.es\/certamen\/wp-content\/uploads\/2022\/11\/Jose-Luis-de-miguel-140x140.jpeg 140w, https:\/\/federacioncorosdegranada.es\/certamen\/wp-content\/uploads\/2022\/11\/Jose-Luis-de-miguel.jpeg 332w\" sizes=\"auto, (max-width: 300px) 100vw, 300px\" \/>Nace en Ceuta y all\u00ed comienza sus estudios musicales. Consigue el Grado Profesional de piano en el Convatorio Profesional de Almer\u00eda con Javier Herreros como profesor y finaliza su formaci\u00f3n en los Conservatorios Superiores de Madrid y Sevilla. Recibe clases magistrales de Ricardo Requejo, Hans Graff, Boris Berman, Esteban S\u00e1nchez y de Yuri Slesarev en el Conservatorio Tchaikovsky de Mosc\u00fa.\u00a0<\/span><\/p><p><span style=\"font-weight: 400\">Desarrolla una importante actividad art\u00edstica en recitales de piano y en diversas agrupaciones de c\u00e1mara y orquestas, act\u00faa \u00a0en Espa\u00f1a, Alemania, Estados Unidos, Italia y Rusia,\u00a0<\/span><\/p><p><span style=\"font-weight: 400\">Es catedr\u00e1tico \u00a0de piano en el Real Conservatorio Superior de M\u00fasica \u201cVictoria Eugenia\u201d de Granada y adem\u00e1s vicepresidente del Centro Art\u00edstico Cient\u00edfico y Literario de Granada y presidente de la Federaci\u00f3n de Coros de Granada.<\/span><\/p><\/div><\/div><\/div><\/div><\/div>[\/vc_column_text][\/vc_column][\/vc_row]\n","protected":false},"excerpt":{"rendered":"<p>[vc_row type=\u00bbin_container\u00bb full_screen_row_position=\u00bbmiddle\u00bb column_margin=\u00bbdefault\u00bb column_direction=\u00bbdefault\u00bb column_direction_tablet=\u00bbdefault\u00bb column_direction_phone=\u00bbdefault\u00bb scene_position=\u00bbcenter\u00bb top_padding=\u00bb3%\u00bb bottom_padding=\u00bb3%\u00bb top_padding_phone=\u00bb10%\u00bb bottom_padding_phone=\u00bb10%\u00bb text_color=\u00bbdark\u00bb text_align=\u00bbleft\u00bb row_border_radius=\u00bbnone\u00bb row_border_radius_applies=\u00bbbg\u00bb overflow=\u00bbvisible\u00bb overlay_strength=\u00bb0.3&#8243; gradient_direction=\u00bbleft_to_right\u00bb shape_divider_position=\u00bbbottom\u00bb bg_image_animation=\u00bbnone\u00bb gradient_type=\u00bbdefault\u00bb shape_type=\u00bb\u00bb][vc_column column_padding=\u00bbno-extra-padding\u00bb column_padding_tablet=\u00bbinherit\u00bb column_padding_phone=\u00bbinherit\u00bb column_padding_position=\u00bball\u00bb column_element_direction_desktop=\u00bbdefault\u00bb column_element_spacing=\u00bbdefault\u00bb desktop_text_alignment=\u00bbdefault\u00bb tablet_text_alignment=\u00bbdefault\u00bb phone_text_alignment=\u00bbdefault\u00bb background_color_opacity=\u00bb1&#8243; background_hover_color_opacity=\u00bb1&#8243; column_backdrop_filter=\u00bbnone\u00bb column_shadow=\u00bbnone\u00bb column_border_radius=\u00bbnone\u00bb column_link_target=\u00bb_self\u00bb column_position=\u00bbdefault\u00bb gradient_direction=\u00bbleft_to_right\u00bb overlay_strength=\u00bb0.3&#8243; width=\u00bb1\/1&#8243; tablet_width_inherit=\u00bbdefault\u00bb animation_type=\u00bbdefault\u00bb bg_image_animation=\u00bbnone\u00bb border_type=\u00bbsimple\u00bb column_border_width=\u00bbnone\u00bb column_border_style=\u00bbsolid\u00bb][vc_column_text]Os presentamos a las personas que han hecho posible la celebraci\u00f3n del evento&#8230;<\/p>\n","protected":false},"author":1,"featured_media":0,"parent":0,"menu_order":0,"comment_status":"closed","ping_status":"closed","template":"","meta":{"footnotes":""},"class_list":["post-7715","page","type-page","status-publish"],"_links":{"self":[{"href":"https:\/\/federacioncorosdegranada.es\/certamen\/index.php\/wp-json\/wp\/v2\/pages\/7715","targetHints":{"allow":["GET"]}}],"collection":[{"href":"https:\/\/federacioncorosdegranada.es\/certamen\/index.php\/wp-json\/wp\/v2\/pages"}],"about":[{"href":"https:\/\/federacioncorosdegranada.es\/certamen\/index.php\/wp-json\/wp\/v2\/types\/page"}],"author":[{"embeddable":true,"href":"https:\/\/federacioncorosdegranada.es\/certamen\/index.php\/wp-json\/wp\/v2\/users\/1"}],"replies":[{"embeddable":true,"href":"https:\/\/federacioncorosdegranada.es\/certamen\/index.php\/wp-json\/wp\/v2\/comments?post=7715"}],"version-history":[{"count":6,"href":"https:\/\/federacioncorosdegranada.es\/certamen\/index.php\/wp-json\/wp\/v2\/pages\/7715\/revisions"}],"predecessor-version":[{"id":8090,"href":"https:\/\/federacioncorosdegranada.es\/certamen\/index.php\/wp-json\/wp\/v2\/pages\/7715\/revisions\/8090"}],"wp:attachment":[{"href":"https:\/\/federacioncorosdegranada.es\/certamen\/index.php\/wp-json\/wp\/v2\/media?parent=7715"}],"curies":[{"name":"wp","href":"https:\/\/api.w.org\/{rel}","templated":true}]}}